{"id":241,"date":"2017-01-26T21:03:03","date_gmt":"2017-01-26T20:03:03","guid":{"rendered":"http:\/\/www.ll-ag.ch\/?page_id=241\/"},"modified":"2017-06-06T22:13:35","modified_gmt":"2017-06-06T20:13:35","slug":"references","status":"publish","type":"page","link":"https:\/\/www.ll-ag.ch\/fr\/references\/","title":{"rendered":"R\u00e9f\u00e9rences"},"content":{"rendered":"\n<style type=\"text\/css\" data-created_by=\"avia_inline_auto\" id=\"style-css-av-av_section-702915d8e07db275bf16dab411e91b2d\">\n.avia-section.av-av_section-702915d8e07db275bf16dab411e91b2d{\nbackground-repeat:no-repeat;\nbackground-image:url(https:\/\/www.ll-ag.ch\/webseite\/wp-content\/uploads\/2016\/10\/stockfoto-13.jpg);\nbackground-position:50% 50%;\nbackground-attachment:scroll;\n}\n<\/style>\n<div id='av_section_1'  class='avia-section av-av_section-702915d8e07db275bf16dab411e91b2d main_color avia-section-default avia-no-border-styling  avia-builder-el-0  el_before_av_one_fifth  avia-builder-el-first  avia-full-stretch avia-bg-style-scroll av-minimum-height av-minimum-height-custom av-height-custom  container_wrap fullsize'  data-section-bg-repeat='stretch' data-av_minimum_height_px='500'><div class='container av-section-cont-open' style='height:500px'><main  role=\"main\" itemprop=\"mainContentOfPage\"  class='template-page content  av-content-full alpha units'><div class='post-entry post-entry-type-page post-entry-241'><div class='entry-content-wrapper clearfix'>\n<div class='flex_column_table av-av_two_fifth-e5f170c73706bb1f83c0f34d45d7765c sc-av_two_fifth av-equal-height-column-flextable'>\n<style type=\"text\/css\" data-created_by=\"avia_inline_auto\" id=\"style-css-av-av_two_fifth-e5f170c73706bb1f83c0f34d45d7765c\">\n.flex_column.av-av_two_fifth-e5f170c73706bb1f83c0f34d45d7765c{\nborder-radius:2px 2px 2px 2px;\npadding:20px 20px 20px 20px;\nbackground-color:rgba(89,219,59,0.8);\n}\n<\/style>\n<div  class='flex_column av-av_two_fifth-e5f170c73706bb1f83c0f34d45d7765c av_two_fifth  avia-builder-el-1  el_before_av_one_half  avia-builder-el-first  first flex_column_table_cell av-equal-height-column av-align-middle  '     ><style type=\"text\/css\" data-created_by=\"avia_inline_auto\" id=\"style-css-av-av_heading-b9cc27f08337b1e8cdaa3363c92292c4\">\n#top .av-special-heading.av-av_heading-b9cc27f08337b1e8cdaa3363c92292c4{\npadding-bottom:10px;\ncolor:#ffffff;\n}\nbody .av-special-heading.av-av_heading-b9cc27f08337b1e8cdaa3363c92292c4 .av-special-heading-tag .heading-char{\nfont-size:25px;\n}\n.av-special-heading.av-av_heading-b9cc27f08337b1e8cdaa3363c92292c4 .special-heading-inner-border{\nborder-color:#ffffff;\n}\n.av-special-heading.av-av_heading-b9cc27f08337b1e8cdaa3363c92292c4 .av-subheading{\nfont-size:15px;\n}\n<\/style>\n<div  class='av-special-heading av-av_heading-b9cc27f08337b1e8cdaa3363c92292c4 av-special-heading-h1 custom-color-heading blockquote modern-quote  avia-builder-el-2  avia-builder-el-no-sibling '><h1 class='av-special-heading-tag '  itemprop=\"headline\"  >R\u00e9f\u00e9rences<\/h1><div class='av_custom_color av-subheading av-subheading_below'><p>Voici pour vous, quelques-unes de nos r\u00e9alisations pr\u00e9c\u00e9dentes<\/p>\n<\/div><div class=\"special-heading-border\"><div class=\"special-heading-inner-border\"><\/div><\/div><\/div><\/div><div class='av-flex-placeholder'><\/div>\n<style type=\"text\/css\" data-created_by=\"avia_inline_auto\" id=\"style-css-av-av_one_half-0aa7055fe62c3622faec82866afbaeb2\">\n.flex_column.av-av_one_half-0aa7055fe62c3622faec82866afbaeb2{\nborder-radius:0px 0px 0px 0px;\npadding:0px 0px 0px 0px;\n}\n<\/style>\n<div  class='flex_column av-av_one_half-0aa7055fe62c3622faec82866afbaeb2 av_one_half  avia-builder-el-3  el_after_av_two_fifth  avia-builder-el-last  flex_column_table_cell av-equal-height-column av-align-middle av-zero-column-padding  '     ><\/div><\/div><!--close column table wrapper. Autoclose: 1 --><\/div><\/div><\/main><!-- close content main element --><\/div><\/div><div id='after_section_1'  class='main_color av_default_container_wrap container_wrap fullsize'  ><div class='container av-section-cont-open' ><div class='template-page content  av-content-full alpha units'><div class='post-entry post-entry-type-page post-entry-241'><div class='entry-content-wrapper clearfix'><div class='flex_column_table av-av_one_fifth-169e5a607a277699ae4d12b1f6626805 sc-av_one_fifth av-equal-height-column-flextable'>\n<style type=\"text\/css\" data-created_by=\"avia_inline_auto\" id=\"style-css-av-av_one_fifth-169e5a607a277699ae4d12b1f6626805\">\n.flex_column.av-av_one_fifth-169e5a607a277699ae4d12b1f6626805{\nborder-radius:0px 0px 0px 0px;\npadding:0px 0px 0px 0px;\n}\n<\/style>\n<div  class='flex_column av-av_one_fifth-169e5a607a277699ae4d12b1f6626805 av_one_fifth  avia-builder-el-4  el_after_av_section  el_before_av_four_fifth  avia-builder-el-first  first flex_column_table_cell av-equal-height-column av-align-middle av-zero-column-padding  '     ><style type=\"text\/css\" data-created_by=\"avia_inline_auto\" id=\"style-css-av-av_image-dbfef8624f763a96dda37607d704fc3e\">\n.avia-image-container.av-av_image-dbfef8624f763a96dda37607d704fc3e img.avia_image{\nbox-shadow:none;\n}\n.avia-image-container.av-av_image-dbfef8624f763a96dda37607d704fc3e .av-image-caption-overlay-center{\ncolor:#ffffff;\n}\n<\/style>\n<div  class='avia-image-container av-av_image-dbfef8624f763a96dda37607d704fc3e av-styling- avia-align-center  avia-builder-el-5  el_before_av_image  avia-builder-el-first '   itemprop=\"image\" itemscope=\"itemscope\" itemtype=\"https:\/\/schema.org\/ImageObject\" ><div class=\"avia-image-container-inner\"><div class=\"avia-image-overlay-wrap\"><img decoding=\"async\" fetchpriority=\"high\" class='wp-image-106 avia-img-lazy-loading-not-106 avia_image ' src=\"https:\/\/www.ll-ag.ch\/webseite\/wp-content\/uploads\/2016\/10\/migros.jpg\" alt='' title='migros'  height=\"1050\" width=\"1050\"  itemprop=\"thumbnailUrl\" srcset=\"https:\/\/www.ll-ag.ch\/webseite\/wp-content\/uploads\/2016\/10\/migros.jpg 1050w, https:\/\/www.ll-ag.ch\/webseite\/wp-content\/uploads\/2016\/10\/migros-80x80.jpg 80w, https:\/\/www.ll-ag.ch\/webseite\/wp-content\/uploads\/2016\/10\/migros-300x300.jpg 300w, https:\/\/www.ll-ag.ch\/webseite\/wp-content\/uploads\/2016\/10\/migros-768x768.jpg 768w, https:\/\/www.ll-ag.ch\/webseite\/wp-content\/uploads\/2016\/10\/migros-1030x1030.jpg 1030w, https:\/\/www.ll-ag.ch\/webseite\/wp-content\/uploads\/2016\/10\/migros-36x36.jpg 36w, https:\/\/www.ll-ag.ch\/webseite\/wp-content\/uploads\/2016\/10\/migros-180x180.jpg 180w, https:\/\/www.ll-ag.ch\/webseite\/wp-content\/uploads\/2016\/10\/migros-705x705.jpg 705w, https:\/\/www.ll-ag.ch\/webseite\/wp-content\/uploads\/2016\/10\/migros-120x120.jpg 120w, https:\/\/www.ll-ag.ch\/webseite\/wp-content\/uploads\/2016\/10\/migros-450x450.jpg 450w\" sizes=\"(max-width: 1050px) 100vw, 1050px\" \/><\/div><\/div><\/div><\/div><\/p>\n<div class='av-flex-placeholder'><\/div>\n<style type=\"text\/css\" data-created_by=\"avia_inline_auto\" id=\"style-css-av-av_four_fifth-0aa7055fe62c3622faec82866afbaeb2\">\n.flex_column.av-av_four_fifth-0aa7055fe62c3622faec82866afbaeb2{\nborder-radius:0px 0px 0px 0px;\npadding:0px 0px 0px 0px;\n}\n<\/style>\n<div  class='flex_column av-av_four_fifth-0aa7055fe62c3622faec82866afbaeb2 av_four_fifth flex_column_table_cell av-equal-height-column av-align-middle av-zero-column-padding  '     ><style type=\"text\/css\" data-created_by=\"avia_inline_auto\" id=\"style-css-av-av_heading-9327f7086ab6cd46c2532d2377d027c9\">\n#top .av-special-heading.av-av_heading-9327f7086ab6cd46c2532d2377d027c9{\npadding-bottom:10px;\n}\nbody .av-special-heading.av-av_heading-9327f7086ab6cd46c2532d2377d027c9 .av-special-heading-tag .heading-char{\nfont-size:25px;\n}\n.av-special-heading.av-av_heading-9327f7086ab6cd46c2532d2377d027c9 .av-subheading{\nfont-size:15px;\n}\n<\/style>\n<div  class='av-special-heading av-av_heading-9327f7086ab6cd46c2532d2377d027c9 av-special-heading-h3 blockquote modern-quote'><h3 class='av-special-heading-tag '  itemprop=\"headline\"  >En images, nos ex\u00e9cutions pour la Migros<\/h3><div class=\"special-heading-border\"><div class=\"special-heading-inner-border\"><\/div><\/div><\/div><\/div><\/div><!--close column table wrapper. Autoclose: 1 -->\n\n<style type=\"text\/css\" data-created_by=\"avia_inline_auto\" id=\"style-css-av-av_one_full-6126cab7d8fab8d08143dd2dacdf673c\">\n.flex_column.av-av_one_full-6126cab7d8fab8d08143dd2dacdf673c{\nborder-radius:0px 0px 0px 0px;\npadding:0px 0px 0px 0px;\n}\n<\/style>\n<div  class='flex_column av-av_one_full-6126cab7d8fab8d08143dd2dacdf673c av_one_full first flex_column_div av-zero-column-padding  '     ><\/div>\n","protected":false},"excerpt":{"rendered":"","protected":false},"author":1,"featured_media":0,"parent":0,"menu_order":0,"comment_status":"closed","ping_status":"closed","template":"","meta":{"footnotes":""},"class_list":["post-241","page","type-page","status-publish","hentry"],"yoast_head":"<!-- This site is optimized with the Yoast SEO plugin v27.4 - https:\/\/yoast.com\/product\/yoast-seo-wordpress\/ -->\n<title>R\u00e9f\u00e9rences \u2013 LL Ladenbau &amp; Lagertechnik AG - Luzern<\/title>\n<meta name=\"description\" content=\"Voici pour vous, quelques-unes de nos r\u00e9alisations pr\u00e9c\u00e9dentes.\" \/>\n<meta name=\"robots\" content=\"index, follow, max-snippet:-1, max-image-preview:large, max-video-preview:-1\" \/>\n<link rel=\"canonical\" href=\"https:\/\/www.ll-ag.ch\/fr\/references\/\" \/>\n<meta property=\"og:locale\" content=\"fr_FR\" \/>\n<meta property=\"og:type\" content=\"article\" \/>\n<meta property=\"og:title\" content=\"R\u00e9f\u00e9rences \u2013 LL Ladenbau &amp; Lagertechnik AG - Luzern\" \/>\n<meta property=\"og:description\" content=\"Voici pour vous, quelques-unes de nos r\u00e9alisations pr\u00e9c\u00e9dentes.\" \/>\n<meta property=\"og:url\" content=\"https:\/\/www.ll-ag.ch\/fr\/references\/\" \/>\n<meta property=\"og:site_name\" content=\"Ladenbau und Lagertechnik AG\" \/>\n<meta property=\"article:modified_time\" content=\"2017-06-06T20:13:35+00:00\" \/>\n<meta name=\"twitter:card\" content=\"summary_large_image\" \/>\n<meta name=\"twitter:label1\" content=\"Gesch\u00e4tzte Lesezeit\" \/>\n\t<meta name=\"twitter:data1\" content=\"3\u00a0Minuten\" \/>\n<script type=\"application\/ld+json\" class=\"yoast-schema-graph\">{\"@context\":\"https:\\\/\\\/schema.org\",\"@graph\":[{\"@type\":\"WebPage\",\"@id\":\"https:\\\/\\\/www.ll-ag.ch\\\/fr\\\/references\\\/\",\"url\":\"https:\\\/\\\/www.ll-ag.ch\\\/fr\\\/references\\\/\",\"name\":\"R\u00e9f\u00e9rences \u2013 LL Ladenbau & Lagertechnik AG - Luzern\",\"isPartOf\":{\"@id\":\"https:\\\/\\\/www.ll-ag.ch\\\/#website\"},\"datePublished\":\"2017-01-26T20:03:03+00:00\",\"dateModified\":\"2017-06-06T20:13:35+00:00\",\"description\":\"Voici pour vous, quelques-unes de nos r\u00e9alisations pr\u00e9c\u00e9dentes.\",\"breadcrumb\":{\"@id\":\"https:\\\/\\\/www.ll-ag.ch\\\/fr\\\/references\\\/#breadcrumb\"},\"inLanguage\":\"de\",\"potentialAction\":[{\"@type\":\"ReadAction\",\"target\":[\"https:\\\/\\\/www.ll-ag.ch\\\/fr\\\/references\\\/\"]}]},{\"@type\":\"BreadcrumbList\",\"@id\":\"https:\\\/\\\/www.ll-ag.ch\\\/fr\\\/references\\\/#breadcrumb\",\"itemListElement\":[{\"@type\":\"ListItem\",\"position\":1,\"name\":\"Startseite\",\"item\":\"https:\\\/\\\/www.ll-ag.ch\\\/fr\\\/\"},{\"@type\":\"ListItem\",\"position\":2,\"name\":\"R\u00e9f\u00e9rences\"}]},{\"@type\":\"WebSite\",\"@id\":\"https:\\\/\\\/www.ll-ag.ch\\\/#website\",\"url\":\"https:\\\/\\\/www.ll-ag.ch\\\/\",\"name\":\"Ladenbau und Lagertechnik AG\",\"description\":\"Wir r\u00fccken Ihre Produkte ins richtige Licht\",\"publisher\":{\"@id\":\"https:\\\/\\\/www.ll-ag.ch\\\/#organization\"},\"potentialAction\":[{\"@type\":\"SearchAction\",\"target\":{\"@type\":\"EntryPoint\",\"urlTemplate\":\"https:\\\/\\\/www.ll-ag.ch\\\/?s={search_term_string}\"},\"query-input\":{\"@type\":\"PropertyValueSpecification\",\"valueRequired\":true,\"valueName\":\"search_term_string\"}}],\"inLanguage\":\"de\"},{\"@type\":\"Organization\",\"@id\":\"https:\\\/\\\/www.ll-ag.ch\\\/#organization\",\"name\":\"Ladenbau und Lagertechnik AG\",\"url\":\"https:\\\/\\\/www.ll-ag.ch\\\/\",\"logo\":{\"@type\":\"ImageObject\",\"inLanguage\":\"de\",\"@id\":\"https:\\\/\\\/www.ll-ag.ch\\\/#\\\/schema\\\/logo\\\/image\\\/\",\"url\":\"https:\\\/\\\/www.ll-ag.ch\\\/webseite\\\/wp-content\\\/uploads\\\/2017\\\/06\\\/logo-favicon.png\",\"contentUrl\":\"https:\\\/\\\/www.ll-ag.ch\\\/webseite\\\/wp-content\\\/uploads\\\/2017\\\/06\\\/logo-favicon.png\",\"width\":468,\"height\":468,\"caption\":\"Ladenbau und Lagertechnik AG\"},\"image\":{\"@id\":\"https:\\\/\\\/www.ll-ag.ch\\\/#\\\/schema\\\/logo\\\/image\\\/\"}}]}<\/script>\n<!-- \/ Yoast SEO plugin. -->","yoast_head_json":{"title":"R\u00e9f\u00e9rences \u2013 LL Ladenbau & Lagertechnik AG - Luzern","description":"Voici pour vous, quelques-unes de nos r\u00e9alisations pr\u00e9c\u00e9dentes.","robots":{"index":"index","follow":"follow","max-snippet":"max-snippet:-1","max-image-preview":"max-image-preview:large","max-video-preview":"max-video-preview:-1"},"canonical":"https:\/\/www.ll-ag.ch\/fr\/references\/","og_locale":"fr_FR","og_type":"article","og_title":"R\u00e9f\u00e9rences \u2013 LL Ladenbau & Lagertechnik AG - Luzern","og_description":"Voici pour vous, quelques-unes de nos r\u00e9alisations pr\u00e9c\u00e9dentes.","og_url":"https:\/\/www.ll-ag.ch\/fr\/references\/","og_site_name":"Ladenbau und Lagertechnik AG","article_modified_time":"2017-06-06T20:13:35+00:00","twitter_card":"summary_large_image","twitter_misc":{"Gesch\u00e4tzte Lesezeit":"3\u00a0Minuten"},"schema":{"@context":"https:\/\/schema.org","@graph":[{"@type":"WebPage","@id":"https:\/\/www.ll-ag.ch\/fr\/references\/","url":"https:\/\/www.ll-ag.ch\/fr\/references\/","name":"R\u00e9f\u00e9rences \u2013 LL Ladenbau & Lagertechnik AG - Luzern","isPartOf":{"@id":"https:\/\/www.ll-ag.ch\/#website"},"datePublished":"2017-01-26T20:03:03+00:00","dateModified":"2017-06-06T20:13:35+00:00","description":"Voici pour vous, quelques-unes de nos r\u00e9alisations pr\u00e9c\u00e9dentes.","breadcrumb":{"@id":"https:\/\/www.ll-ag.ch\/fr\/references\/#breadcrumb"},"inLanguage":"de","potentialAction":[{"@type":"ReadAction","target":["https:\/\/www.ll-ag.ch\/fr\/references\/"]}]},{"@type":"BreadcrumbList","@id":"https:\/\/www.ll-ag.ch\/fr\/references\/#breadcrumb","itemListElement":[{"@type":"ListItem","position":1,"name":"Startseite","item":"https:\/\/www.ll-ag.ch\/fr\/"},{"@type":"ListItem","position":2,"name":"R\u00e9f\u00e9rences"}]},{"@type":"WebSite","@id":"https:\/\/www.ll-ag.ch\/#website","url":"https:\/\/www.ll-ag.ch\/","name":"Ladenbau und Lagertechnik AG","description":"Wir r\u00fccken Ihre Produkte ins richtige Licht","publisher":{"@id":"https:\/\/www.ll-ag.ch\/#organization"},"potentialAction":[{"@type":"SearchAction","target":{"@type":"EntryPoint","urlTemplate":"https:\/\/www.ll-ag.ch\/?s={search_term_string}"},"query-input":{"@type":"PropertyValueSpecification","valueRequired":true,"valueName":"search_term_string"}}],"inLanguage":"de"},{"@type":"Organization","@id":"https:\/\/www.ll-ag.ch\/#organization","name":"Ladenbau und Lagertechnik AG","url":"https:\/\/www.ll-ag.ch\/","logo":{"@type":"ImageObject","inLanguage":"de","@id":"https:\/\/www.ll-ag.ch\/#\/schema\/logo\/image\/","url":"https:\/\/www.ll-ag.ch\/webseite\/wp-content\/uploads\/2017\/06\/logo-favicon.png","contentUrl":"https:\/\/www.ll-ag.ch\/webseite\/wp-content\/uploads\/2017\/06\/logo-favicon.png","width":468,"height":468,"caption":"Ladenbau und Lagertechnik AG"},"image":{"@id":"https:\/\/www.ll-ag.ch\/#\/schema\/logo\/image\/"}}]}},"_links":{"self":[{"href":"https:\/\/www.ll-ag.ch\/fr\/wp-json\/wp\/v2\/pages\/241\/"}],"collection":[{"href":"https:\/\/www.ll-ag.ch\/fr\/wp-json\/wp\/v2\/pages\/"}],"about":[{"href":"https:\/\/www.ll-ag.ch\/fr\/wp-json\/wp\/v2\/types\/page\/"}],"author":[{"embeddable":true,"href":"https:\/\/www.ll-ag.ch\/fr\/wp-json\/wp\/v2\/users\/1\/"}],"replies":[{"embeddable":true,"href":"https:\/\/www.ll-ag.ch\/fr\/wp-json\/wp\/v2\/comments\/?post=241"}],"version-history":[{"count":4,"href":"https:\/\/www.ll-ag.ch\/fr\/wp-json\/wp\/v2\/pages\/241\/revisions\/"}],"predecessor-version":[{"id":564,"href":"https:\/\/www.ll-ag.ch\/fr\/wp-json\/wp\/v2\/pages\/241\/revisions\/564\/"}],"wp:attachment":[{"href":"https:\/\/www.ll-ag.ch\/fr\/wp-json\/wp\/v2\/media\/?parent=241"}],"curies":[{"name":"wp","href":"https:\/\/api.w.org\/{rel}","templated":true}]}}