{"id":243,"date":"2017-01-26T21:04:58","date_gmt":"2017-01-26T20:04:58","guid":{"rendered":"http:\/\/www.ll-ag.ch\/?page_id=243\/"},"modified":"2017-06-06T22:09:45","modified_gmt":"2017-06-06T20:09:45","slug":"news","status":"publish","type":"page","link":"https:\/\/www.ll-ag.ch\/fr\/news\/","title":{"rendered":"News"},"content":{"rendered":"\n<style type=\"text\/css\" data-created_by=\"avia_inline_auto\" id=\"style-css-av-av_section-86eee86c07fae07ce08602bbfa485c52\">\n.avia-section.av-av_section-86eee86c07fae07ce08602bbfa485c52{\nbackground-repeat:no-repeat;\nbackground-image:url(https:\/\/www.ll-ag.ch\/webseite\/wp-content\/uploads\/2016\/10\/stockfoto-3.jpg);\nbackground-position:50% 50%;\nbackground-attachment:scroll;\n}\n<\/style>\n<div id='av_section_1'  class='avia-section av-av_section-86eee86c07fae07ce08602bbfa485c52 main_color avia-section-default avia-no-border-styling  avia-builder-el-0  el_before_av_hr  avia-builder-el-first  avia-full-stretch avia-bg-style-scroll av-minimum-height av-minimum-height-custom av-height-custom  container_wrap fullsize'  data-section-bg-repeat='stretch' data-av_minimum_height_px='500'><div class='container av-section-cont-open' style='height:500px'><main  role=\"main\" itemprop=\"mainContentOfPage\"  class='template-page content  av-content-full alpha units'><div class='post-entry post-entry-type-page post-entry-243'><div class='entry-content-wrapper clearfix'>\n<div class='flex_column_table av-av_two_fifth-e5f170c73706bb1f83c0f34d45d7765c sc-av_two_fifth av-equal-height-column-flextable'>\n<style type=\"text\/css\" data-created_by=\"avia_inline_auto\" id=\"style-css-av-av_two_fifth-e5f170c73706bb1f83c0f34d45d7765c\">\n.flex_column.av-av_two_fifth-e5f170c73706bb1f83c0f34d45d7765c{\nborder-radius:2px 2px 2px 2px;\npadding:20px 20px 20px 20px;\nbackground-color:rgba(89,219,59,0.8);\n}\n<\/style>\n<div  class='flex_column av-av_two_fifth-e5f170c73706bb1f83c0f34d45d7765c av_two_fifth  avia-builder-el-1  el_before_av_one_half  avia-builder-el-first  first flex_column_table_cell av-equal-height-column av-align-middle  '     ><style type=\"text\/css\" data-created_by=\"avia_inline_auto\" id=\"style-css-av-av_heading-57cd2c83c1377c8d65e65fd2c4b83846\">\n#top .av-special-heading.av-av_heading-57cd2c83c1377c8d65e65fd2c4b83846{\npadding-bottom:10px;\ncolor:#ffffff;\n}\nbody .av-special-heading.av-av_heading-57cd2c83c1377c8d65e65fd2c4b83846 .av-special-heading-tag .heading-char{\nfont-size:25px;\n}\n.av-special-heading.av-av_heading-57cd2c83c1377c8d65e65fd2c4b83846 .special-heading-inner-border{\nborder-color:#ffffff;\n}\n.av-special-heading.av-av_heading-57cd2c83c1377c8d65e65fd2c4b83846 .av-subheading{\nfont-size:18px;\n}\n<\/style>\n<div  class='av-special-heading av-av_heading-57cd2c83c1377c8d65e65fd2c4b83846 av-special-heading-h1 custom-color-heading blockquote modern-quote  avia-builder-el-2  avia-builder-el-no-sibling '><h1 class='av-special-heading-tag '  itemprop=\"headline\"  >News<\/h1><div class='av_custom_color av-subheading av-subheading_below'><p>Les derni\u00e8res nouveaut\u00e9s de notre agencement de magasins et \u00e9quipement pour entrep\u00f4ts<\/p>\n<\/div><div class=\"special-heading-border\"><div class=\"special-heading-inner-border\"><\/div><\/div><\/div><\/div><div class='av-flex-placeholder'><\/div>\n<style type=\"text\/css\" data-created_by=\"avia_inline_auto\" id=\"style-css-av-av_one_half-0aa7055fe62c3622faec82866afbaeb2\">\n.flex_column.av-av_one_half-0aa7055fe62c3622faec82866afbaeb2{\nborder-radius:0px 0px 0px 0px;\npadding:0px 0px 0px 0px;\n}\n<\/style>\n<div  class='flex_column av-av_one_half-0aa7055fe62c3622faec82866afbaeb2 av_one_half  avia-builder-el-3  el_after_av_two_fifth  avia-builder-el-last  flex_column_table_cell av-equal-height-column av-align-middle av-zero-column-padding  '     ><\/div><\/div><!--close column table wrapper. Autoclose: 1 --><\/div><\/div><\/main><!-- close content main element --><\/div><\/div><div id='after_section_1'  class='main_color av_default_container_wrap container_wrap fullsize'  ><div class='container av-section-cont-open' ><div class='template-page content  av-content-full alpha units'><div class='post-entry post-entry-type-page post-entry-243'><div class='entry-content-wrapper clearfix'>\n<style type=\"text\/css\" data-created_by=\"avia_inline_auto\" id=\"style-css-av-av_hr-c8dc2a51a6f4017121e8dbd441687de1\">\n#top .hr.hr-invisible.av-av_hr-c8dc2a51a6f4017121e8dbd441687de1{\nheight:1px;\n}\n<\/style>\n<div  class='hr av-av_hr-c8dc2a51a6f4017121e8dbd441687de1 hr-invisible  avia-builder-el-4  el_after_av_section  el_before_av_masonry_entries  avia-builder-el-no-sibling '><span class='hr-inner '><span class=\"hr-inner-style\"><\/span><\/span><\/div><\/p>\n<div id='av-masonry-1' class='av-masonry av-av_masonry_entries-fe8d7c8cf0304563e3b91bad1ae4d642 noHover av-flex-size av-1px-gap av-hover-overlay- av-masonry-animation-active av-masonry-col-flexible av-caption-on-hover-hide av-caption-style- av-masonry-entries ' data-post_id=\"243\"><div class='av-masonry-sort main_color av-sort-yes' data-masonry-id='1' ><div class='av-sort-by-term  ' data-av-allowed-sort='[\"entreprise_sort\",\"shopfitting_sort\",\"tendance_sort\"]' ><a href=\"#\" data-filter=\"all_sort\" class=\"all_sort_button active_sort\"><span class=\"inner_sort_button\"><span>Tout<\/span><small class=\"avia-term-count\"> 6 <\/small><\/span><\/a><span class='text-sep entreprise_sort_sep avia_show_sort'>\/<\/span><a href=\"#\" data-filter=\"entreprise_sort\" class=\"entreprise_sort_button avia_show_sort\" ><span class=\"inner_sort_button\"><span>Entreprise<\/span><small class='avia-term-count'> 3 <\/small><\/span><\/a><span class='text-sep shopfitting_sort_sep avia_show_sort'>\/<\/span><a href=\"#\" data-filter=\"shopfitting_sort\" class=\"shopfitting_sort_button avia_show_sort\" ><span class=\"inner_sort_button\"><span>Shopfitting<\/span><small class='avia-term-count'> 1 <\/small><\/span><\/a><span class='text-sep tendance_sort_sep avia_show_sort'>\/<\/span><a href=\"#\" data-filter=\"tendance_sort\" class=\"tendance_sort_button avia_show_sort\" ><span class=\"inner_sort_button\"><span>Tendance<\/span><small class='avia-term-count'> 2 <\/small><\/span><\/a><\/div><\/div><div class=\"av-masonry-container isotope av-js-disabled\"><div class='av-masonry-entry isotope-item av-masonry-item-no-image all_sort entreprise_sort  tendance_sort  shopfitting_sort '><\/div><a href=\"https:\/\/www.ll-ag.ch\/fr\/bonnes-fetes-de-fin-dannee\/\"  id='av-masonry-1-item-648' data-av-masonry-item='648' class='av-masonry-entry isotope-item post-648 post type-post status-publish format-standard has-post-thumbnail hentry category-entreprise all_sort entreprise_sort  av-masonry-item-with-image' title=\"Bonnes f\u00eates de fin d&#8217;ann\u00e9e\"   itemscope=\"itemscope\" itemtype=\"https:\/\/schema.org\/CreativeWork\" ><div class='av-inner-masonry-sizer'><\/div><figure class='av-inner-masonry main_color'><div class=\"av-masonry-outerimage-container\"><div class='av-masonry-image-container'  ><img decoding=\"async\" width=\"705\" height=\"529\" fetchpriority=\"high\" class=\"wp-image-649 avia-img-lazy-loading-not-649\"  src=\"https:\/\/www.ll-ag.ch\/webseite\/wp-content\/uploads\/2017\/12\/Weihnachtskarte_2017_V4-705x529.png\" title=\"Bonnes f\u00eates de fin d&#8217;ann\u00e9e\" alt=\"\" srcset=\"https:\/\/www.ll-ag.ch\/webseite\/wp-content\/uploads\/2017\/12\/Weihnachtskarte_2017_V4-705x529.png 705w, https:\/\/www.ll-ag.ch\/webseite\/wp-content\/uploads\/2017\/12\/Weihnachtskarte_2017_V4-300x225.png 300w, https:\/\/www.ll-ag.ch\/webseite\/wp-content\/uploads\/2017\/12\/Weihnachtskarte_2017_V4-768x576.png 768w, https:\/\/www.ll-ag.ch\/webseite\/wp-content\/uploads\/2017\/12\/Weihnachtskarte_2017_V4-450x338.png 450w, https:\/\/www.ll-ag.ch\/webseite\/wp-content\/uploads\/2017\/12\/Weihnachtskarte_2017_V4.png 960w\" sizes=\"(max-width: 705px) 100vw, 705px\" \/><\/div><\/div><figcaption class='av-inner-masonry-content site-background'><div class='av-inner-masonry-content-pos'><div class='av-inner-masonry-content-pos-content'><div class='avia-arrow'><\/div><h3 class='av-masonry-entry-title entry-title '  itemprop=\"headline\" >Bonnes f\u00eates de fin d&#8217;ann\u00e9e<\/h3><span class='av-masonry-date meta-color updated'>27. Dezember 2017<\/span><span class=\"av-masonry-text-sep text-sep-author\">\/<\/span><span class='av-masonry-author meta-color author'><span class='fn'>par Ladenbau und Lagertechnik AG<\/span><\/span><\/div><\/div><\/figcaption><\/figure><\/a><!--end av-masonry entry--><a href=\"https:\/\/www.ll-ag.ch\/fr\/bonne-annee\/\"  id='av-masonry-1-item-652' data-av-masonry-item='652' class='av-masonry-entry isotope-item post-652 post type-post status-publish format-standard has-post-thumbnail hentry category-entreprise all_sort entreprise_sort  av-masonry-item-with-image' title=\"Happy-New-Year\"   itemscope=\"itemscope\" itemtype=\"https:\/\/schema.org\/CreativeWork\" ><div class='av-inner-masonry-sizer'><\/div><figure class='av-inner-masonry main_color'><div class=\"av-masonry-outerimage-container\"><div class='av-masonry-image-container'  ><img decoding=\"async\" width=\"705\" height=\"529\" fetchpriority=\"high\" class=\"wp-image-653 avia-img-lazy-loading-not-653\"  src=\"https:\/\/www.ll-ag.ch\/webseite\/wp-content\/uploads\/2017\/12\/Happy-New-Year-Images-2018-HD-1-1-705x529.jpg\" title=\"Happy-New-Year\" alt=\"\" srcset=\"https:\/\/www.ll-ag.ch\/webseite\/wp-content\/uploads\/2017\/12\/Happy-New-Year-Images-2018-HD-1-1-705x529.jpg 705w, https:\/\/www.ll-ag.ch\/webseite\/wp-content\/uploads\/2017\/12\/Happy-New-Year-Images-2018-HD-1-1-300x225.jpg 300w, https:\/\/www.ll-ag.ch\/webseite\/wp-content\/uploads\/2017\/12\/Happy-New-Year-Images-2018-HD-1-1-768x576.jpg 768w, https:\/\/www.ll-ag.ch\/webseite\/wp-content\/uploads\/2017\/12\/Happy-New-Year-Images-2018-HD-1-1-450x338.jpg 450w, https:\/\/www.ll-ag.ch\/webseite\/wp-content\/uploads\/2017\/12\/Happy-New-Year-Images-2018-HD-1-1.jpg 1000w\" sizes=\"(max-width: 705px) 100vw, 705px\" \/><\/div><\/div><figcaption class='av-inner-masonry-content site-background'><div class='av-inner-masonry-content-pos'><div class='av-inner-masonry-content-pos-content'><div class='avia-arrow'><\/div><h3 class='av-masonry-entry-title entry-title '  itemprop=\"headline\" >BONNE ANNEE!<\/h3><span class='av-masonry-date meta-color updated'>27. Dezember 2017<\/span><span class=\"av-masonry-text-sep text-sep-author\">\/<\/span><span class='av-masonry-author meta-color author'><span class='fn'>par Ladenbau und Lagertechnik AG<\/span><\/span><\/div><\/div><\/figcaption><\/figure><\/a><!--end av-masonry entry--><a href=\"https:\/\/www.ll-ag.ch\/fr\/newsletter-may-17\/\"  id='av-masonry-1-item-565' data-av-masonry-item='565' class='av-masonry-entry isotope-item post-565 post type-post status-publish format-standard has-post-thumbnail hentry category-tendance all_sort tendance_sort  av-masonry-item-with-image' title=\"March\u00e9 MM Meyrin\"   itemscope=\"itemscope\" itemtype=\"https:\/\/schema.org\/CreativeWork\" ><div class='av-inner-masonry-sizer'><\/div><figure class='av-inner-masonry main_color'><div class=\"av-masonry-outerimage-container\"><div class='av-masonry-image-container'  ><img decoding=\"async\" width=\"529\" height=\"705\" fetchpriority=\"high\" class=\"wp-image-355 avia-img-lazy-loading-not-355\"  src=\"https:\/\/www.ll-ag.ch\/webseite\/wp-content\/uploads\/2017\/05\/Paloxe-Meyrin_201705_4-529x705.jpg\" title=\"March\u00e9 MM Meyrin\" alt=\"\" srcset=\"https:\/\/www.ll-ag.ch\/webseite\/wp-content\/uploads\/2017\/05\/Paloxe-Meyrin_201705_4-529x705.jpg 529w, https:\/\/www.ll-ag.ch\/webseite\/wp-content\/uploads\/2017\/05\/Paloxe-Meyrin_201705_4-225x300.jpg 225w, https:\/\/www.ll-ag.ch\/webseite\/wp-content\/uploads\/2017\/05\/Paloxe-Meyrin_201705_4-768x1024.jpg 768w, https:\/\/www.ll-ag.ch\/webseite\/wp-content\/uploads\/2017\/05\/Paloxe-Meyrin_201705_4-773x1030.jpg 773w, https:\/\/www.ll-ag.ch\/webseite\/wp-content\/uploads\/2017\/05\/Paloxe-Meyrin_201705_4-1125x1500.jpg 1125w, https:\/\/www.ll-ag.ch\/webseite\/wp-content\/uploads\/2017\/05\/Paloxe-Meyrin_201705_4-450x600.jpg 450w\" sizes=\"(max-width: 529px) 100vw, 529px\" \/><\/div><\/div><figcaption class='av-inner-masonry-content site-background'><div class='av-inner-masonry-content-pos'><div class='av-inner-masonry-content-pos-content'><div class='avia-arrow'><\/div><h3 class='av-masonry-entry-title entry-title '  itemprop=\"headline\" >Newsletter May 17<\/h3><span class='av-masonry-date meta-color updated'>22. Juni 2017<\/span><span class=\"av-masonry-text-sep text-sep-author\">\/<\/span><span class='av-masonry-author meta-color author'><span class='fn'>par Ladenbau und Lagertechnik AG<\/span><\/span><\/div><\/div><\/figcaption><\/figure><\/a><!--end av-masonry entry--><a href=\"https:\/\/www.ll-ag.ch\/fr\/le-sentiment-du-marche\/\"  id='av-masonry-1-item-386' data-av-masonry-item='386' class='av-masonry-entry isotope-item post-386 post type-post status-publish format-standard has-post-thumbnail hentry category-tendance all_sort tendance_sort  av-masonry-item-with-image' title=\"March\u00e9 MM Meyrin\"   itemscope=\"itemscope\" itemtype=\"https:\/\/schema.org\/CreativeWork\" ><div class='av-inner-masonry-sizer'><\/div><figure class='av-inner-masonry main_color'><div class=\"av-masonry-outerimage-container\"><div class='av-masonry-image-container'  ><img decoding=\"async\" width=\"529\" height=\"705\" fetchpriority=\"high\" class=\"wp-image-358 avia-img-lazy-loading-not-358\"  src=\"https:\/\/www.ll-ag.ch\/webseite\/wp-content\/uploads\/2017\/05\/Paloxe-Meyrin_201705_7-529x705.jpg\" title=\"March\u00e9 MM Meyrin\" alt=\"\" srcset=\"https:\/\/www.ll-ag.ch\/webseite\/wp-content\/uploads\/2017\/05\/Paloxe-Meyrin_201705_7-529x705.jpg 529w, https:\/\/www.ll-ag.ch\/webseite\/wp-content\/uploads\/2017\/05\/Paloxe-Meyrin_201705_7-225x300.jpg 225w, https:\/\/www.ll-ag.ch\/webseite\/wp-content\/uploads\/2017\/05\/Paloxe-Meyrin_201705_7-768x1024.jpg 768w, https:\/\/www.ll-ag.ch\/webseite\/wp-content\/uploads\/2017\/05\/Paloxe-Meyrin_201705_7-773x1030.jpg 773w, https:\/\/www.ll-ag.ch\/webseite\/wp-content\/uploads\/2017\/05\/Paloxe-Meyrin_201705_7-1125x1500.jpg 1125w, https:\/\/www.ll-ag.ch\/webseite\/wp-content\/uploads\/2017\/05\/Paloxe-Meyrin_201705_7-450x600.jpg 450w\" sizes=\"(max-width: 529px) 100vw, 529px\" \/><\/div><\/div><figcaption class='av-inner-masonry-content site-background'><div class='av-inner-masonry-content-pos'><div class='av-inner-masonry-content-pos-content'><div class='avia-arrow'><\/div><h3 class='av-masonry-entry-title entry-title '  itemprop=\"headline\" >Le sentiment du march\u00e9<\/h3><span class='av-masonry-date meta-color updated'>23. Mai 2017<\/span><span class=\"av-masonry-text-sep text-sep-author\">\/<\/span><span class='av-masonry-author meta-color author'><span class='fn'>par Ladenbau und Lagertechnik AG<\/span><\/span><\/div><\/div><\/figcaption><\/figure><\/a><!--end av-masonry entry--><a href=\"https:\/\/www.ll-ag.ch\/fr\/outdoorpresenter\/\"  id='av-masonry-1-item-312' data-av-masonry-item='312' class='av-masonry-entry isotope-item post-312 post type-post status-publish format-standard has-post-thumbnail hentry category-shopfitting all_sort shopfitting_sort  av-masonry-item-with-image' title=\"Migusto Brochure holder\"   itemscope=\"itemscope\" itemtype=\"https:\/\/schema.org\/CreativeWork\" ><div class='av-inner-masonry-sizer'><\/div><figure class='av-inner-masonry main_color'><div class=\"av-masonry-outerimage-container\"><div class='av-masonry-image-container'  ><img decoding=\"async\" width=\"529\" height=\"705\" fetchpriority=\"high\" class=\"wp-image-359 avia-img-lazy-loading-not-359\"  src=\"https:\/\/www.ll-ag.ch\/webseite\/wp-content\/uploads\/2017\/05\/Migusto_201705-529x705.jpg\" title=\"Migusto Brochure holder\" alt=\"\" srcset=\"https:\/\/www.ll-ag.ch\/webseite\/wp-content\/uploads\/2017\/05\/Migusto_201705-529x705.jpg 529w, https:\/\/www.ll-ag.ch\/webseite\/wp-content\/uploads\/2017\/05\/Migusto_201705-225x300.jpg 225w, https:\/\/www.ll-ag.ch\/webseite\/wp-content\/uploads\/2017\/05\/Migusto_201705-768x1024.jpg 768w, https:\/\/www.ll-ag.ch\/webseite\/wp-content\/uploads\/2017\/05\/Migusto_201705-773x1030.jpg 773w, https:\/\/www.ll-ag.ch\/webseite\/wp-content\/uploads\/2017\/05\/Migusto_201705-1125x1500.jpg 1125w, https:\/\/www.ll-ag.ch\/webseite\/wp-content\/uploads\/2017\/05\/Migusto_201705-450x600.jpg 450w\" sizes=\"(max-width: 529px) 100vw, 529px\" \/><\/div><\/div><figcaption class='av-inner-masonry-content site-background'><div class='av-inner-masonry-content-pos'><div class='av-inner-masonry-content-pos-content'><div class='avia-arrow'><\/div><h3 class='av-masonry-entry-title entry-title '  itemprop=\"headline\" >Porte-brochures Migusto<\/h3><span class='av-masonry-date meta-color updated'>5. Mai 2017<\/span><span class=\"av-masonry-text-sep text-sep-author\">\/<\/span><span class='av-masonry-author meta-color author'><span class='fn'>par Ladenbau und Lagertechnik AG<\/span><\/span><\/div><\/div><\/figcaption><\/figure><\/a><!--end av-masonry entry--><a href=\"https:\/\/www.ll-ag.ch\/fr\/demenagement\/\"  id='av-masonry-1-item-295' data-av-masonry-item='295' class='av-masonry-entry isotope-item post-295 post type-post status-publish format-standard has-post-thumbnail hentry category-entreprise all_sort entreprise_sort  av-masonry-item-with-image' title=\"stockfoto-10\"   itemscope=\"itemscope\" itemtype=\"https:\/\/schema.org\/CreativeWork\" ><div class='av-inner-masonry-sizer'><\/div><figure class='av-inner-masonry main_color'><div class=\"av-masonry-outerimage-container\"><div class='av-masonry-image-container'  ><img decoding=\"async\" width=\"705\" height=\"470\" fetchpriority=\"high\" class=\"wp-image-18 avia-img-lazy-loading-not-18\"  src=\"https:\/\/www.ll-ag.ch\/webseite\/wp-content\/uploads\/2016\/10\/stockfoto-10-705x470.jpg\" title=\"stockfoto-10\" alt=\"\" srcset=\"https:\/\/www.ll-ag.ch\/webseite\/wp-content\/uploads\/2016\/10\/stockfoto-10-705x470.jpg 705w, https:\/\/www.ll-ag.ch\/webseite\/wp-content\/uploads\/2016\/10\/stockfoto-10-300x200.jpg 300w, https:\/\/www.ll-ag.ch\/webseite\/wp-content\/uploads\/2016\/10\/stockfoto-10-768x512.jpg 768w, https:\/\/www.ll-ag.ch\/webseite\/wp-content\/uploads\/2016\/10\/stockfoto-10-1030x687.jpg 1030w, https:\/\/www.ll-ag.ch\/webseite\/wp-content\/uploads\/2016\/10\/stockfoto-10-1500x1000.jpg 1500w, https:\/\/www.ll-ag.ch\/webseite\/wp-content\/uploads\/2016\/10\/stockfoto-10-450x300.jpg 450w\" sizes=\"(max-width: 705px) 100vw, 705px\" \/><\/div><\/div><figcaption class='av-inner-masonry-content site-background'><div class='av-inner-masonry-content-pos'><div class='av-inner-masonry-content-pos-content'><div class='avia-arrow'><\/div><h3 class='av-masonry-entry-title entry-title '  itemprop=\"headline\" >D\u00e9m\u00e9nagement<\/h3><span class='av-masonry-date meta-color updated'>10. April 2017<\/span><span class=\"av-masonry-text-sep text-sep-author\">\/<\/span><span class='av-masonry-author meta-color author'><span class='fn'>par mah matt<\/span><\/span><\/div><\/div><\/figcaption><\/figure><\/a><!--end av-masonry entry--><\/div><\/div>\n","protected":false},"excerpt":{"rendered":"","protected":false},"author":1,"featured_media":0,"parent":0,"menu_order":0,"comment_status":"closed","ping_status":"closed","template":"","meta":{"footnotes":""},"class_list":["post-243","page","type-page","status-publish","hentry"],"yoast_head":"<!-- This site is optimized with the Yoast SEO plugin v27.4 - https:\/\/yoast.com\/product\/yoast-seo-wordpress\/ -->\n<title>News \u2013 LL Ladenbau &amp; Lagertechnik AG - Luzern<\/title>\n<meta name=\"description\" content=\"Les derni\u00e8res nouveaut\u00e9s de notre agencement de magasins et \u00e9quipement pour entrep\u00f4ts\" \/>\n<meta name=\"robots\" content=\"index, follow, max-snippet:-1, max-image-preview:large, max-video-preview:-1\" \/>\n<link rel=\"canonical\" href=\"https:\/\/www.ll-ag.ch\/fr\/news\/\" \/>\n<meta property=\"og:locale\" content=\"fr_FR\" \/>\n<meta property=\"og:type\" content=\"article\" \/>\n<meta property=\"og:title\" content=\"News \u2013 LL Ladenbau &amp; Lagertechnik AG - Luzern\" \/>\n<meta property=\"og:description\" content=\"Les derni\u00e8res nouveaut\u00e9s de notre agencement de magasins et \u00e9quipement pour entrep\u00f4ts\" \/>\n<meta property=\"og:url\" content=\"https:\/\/www.ll-ag.ch\/fr\/news\/\" \/>\n<meta property=\"og:site_name\" content=\"Ladenbau und Lagertechnik AG\" \/>\n<meta property=\"article:modified_time\" content=\"2017-06-06T20:09:45+00:00\" \/>\n<meta name=\"twitter:card\" content=\"summary_large_image\" \/>\n<meta name=\"twitter:label1\" content=\"Gesch\u00e4tzte Lesezeit\" \/>\n\t<meta name=\"twitter:data1\" content=\"2\u00a0Minuten\" \/>\n<script type=\"application\/ld+json\" class=\"yoast-schema-graph\">{\"@context\":\"https:\\\/\\\/schema.org\",\"@graph\":[{\"@type\":\"WebPage\",\"@id\":\"https:\\\/\\\/www.ll-ag.ch\\\/fr\\\/news\\\/\",\"url\":\"https:\\\/\\\/www.ll-ag.ch\\\/fr\\\/news\\\/\",\"name\":\"News \u2013 LL Ladenbau & Lagertechnik AG - Luzern\",\"isPartOf\":{\"@id\":\"https:\\\/\\\/www.ll-ag.ch\\\/#website\"},\"datePublished\":\"2017-01-26T20:04:58+00:00\",\"dateModified\":\"2017-06-06T20:09:45+00:00\",\"description\":\"Les derni\u00e8res nouveaut\u00e9s de notre agencement de magasins et \u00e9quipement pour entrep\u00f4ts\",\"breadcrumb\":{\"@id\":\"https:\\\/\\\/www.ll-ag.ch\\\/fr\\\/news\\\/#breadcrumb\"},\"inLanguage\":\"de\",\"potentialAction\":[{\"@type\":\"ReadAction\",\"target\":[\"https:\\\/\\\/www.ll-ag.ch\\\/fr\\\/news\\\/\"]}]},{\"@type\":\"BreadcrumbList\",\"@id\":\"https:\\\/\\\/www.ll-ag.ch\\\/fr\\\/news\\\/#breadcrumb\",\"itemListElement\":[{\"@type\":\"ListItem\",\"position\":1,\"name\":\"Startseite\",\"item\":\"https:\\\/\\\/www.ll-ag.ch\\\/fr\\\/\"},{\"@type\":\"ListItem\",\"position\":2,\"name\":\"News\"}]},{\"@type\":\"WebSite\",\"@id\":\"https:\\\/\\\/www.ll-ag.ch\\\/#website\",\"url\":\"https:\\\/\\\/www.ll-ag.ch\\\/\",\"name\":\"Ladenbau und Lagertechnik AG\",\"description\":\"Wir r\u00fccken Ihre Produkte ins richtige Licht\",\"publisher\":{\"@id\":\"https:\\\/\\\/www.ll-ag.ch\\\/#organization\"},\"potentialAction\":[{\"@type\":\"SearchAction\",\"target\":{\"@type\":\"EntryPoint\",\"urlTemplate\":\"https:\\\/\\\/www.ll-ag.ch\\\/?s={search_term_string}\"},\"query-input\":{\"@type\":\"PropertyValueSpecification\",\"valueRequired\":true,\"valueName\":\"search_term_string\"}}],\"inLanguage\":\"de\"},{\"@type\":\"Organization\",\"@id\":\"https:\\\/\\\/www.ll-ag.ch\\\/#organization\",\"name\":\"Ladenbau und Lagertechnik AG\",\"url\":\"https:\\\/\\\/www.ll-ag.ch\\\/\",\"logo\":{\"@type\":\"ImageObject\",\"inLanguage\":\"de\",\"@id\":\"https:\\\/\\\/www.ll-ag.ch\\\/#\\\/schema\\\/logo\\\/image\\\/\",\"url\":\"https:\\\/\\\/www.ll-ag.ch\\\/webseite\\\/wp-content\\\/uploads\\\/2017\\\/06\\\/logo-favicon.png\",\"contentUrl\":\"https:\\\/\\\/www.ll-ag.ch\\\/webseite\\\/wp-content\\\/uploads\\\/2017\\\/06\\\/logo-favicon.png\",\"width\":468,\"height\":468,\"caption\":\"Ladenbau und Lagertechnik AG\"},\"image\":{\"@id\":\"https:\\\/\\\/www.ll-ag.ch\\\/#\\\/schema\\\/logo\\\/image\\\/\"}}]}<\/script>\n<!-- \/ Yoast SEO plugin. -->","yoast_head_json":{"title":"News \u2013 LL Ladenbau & Lagertechnik AG - Luzern","description":"Les derni\u00e8res nouveaut\u00e9s de notre agencement de magasins et \u00e9quipement pour entrep\u00f4ts","robots":{"index":"index","follow":"follow","max-snippet":"max-snippet:-1","max-image-preview":"max-image-preview:large","max-video-preview":"max-video-preview:-1"},"canonical":"https:\/\/www.ll-ag.ch\/fr\/news\/","og_locale":"fr_FR","og_type":"article","og_title":"News \u2013 LL Ladenbau & Lagertechnik AG - Luzern","og_description":"Les derni\u00e8res nouveaut\u00e9s de notre agencement de magasins et \u00e9quipement pour entrep\u00f4ts","og_url":"https:\/\/www.ll-ag.ch\/fr\/news\/","og_site_name":"Ladenbau und Lagertechnik AG","article_modified_time":"2017-06-06T20:09:45+00:00","twitter_card":"summary_large_image","twitter_misc":{"Gesch\u00e4tzte Lesezeit":"2\u00a0Minuten"},"schema":{"@context":"https:\/\/schema.org","@graph":[{"@type":"WebPage","@id":"https:\/\/www.ll-ag.ch\/fr\/news\/","url":"https:\/\/www.ll-ag.ch\/fr\/news\/","name":"News \u2013 LL Ladenbau & Lagertechnik AG - Luzern","isPartOf":{"@id":"https:\/\/www.ll-ag.ch\/#website"},"datePublished":"2017-01-26T20:04:58+00:00","dateModified":"2017-06-06T20:09:45+00:00","description":"Les derni\u00e8res nouveaut\u00e9s de notre agencement de magasins et \u00e9quipement pour entrep\u00f4ts","breadcrumb":{"@id":"https:\/\/www.ll-ag.ch\/fr\/news\/#breadcrumb"},"inLanguage":"de","potentialAction":[{"@type":"ReadAction","target":["https:\/\/www.ll-ag.ch\/fr\/news\/"]}]},{"@type":"BreadcrumbList","@id":"https:\/\/www.ll-ag.ch\/fr\/news\/#breadcrumb","itemListElement":[{"@type":"ListItem","position":1,"name":"Startseite","item":"https:\/\/www.ll-ag.ch\/fr\/"},{"@type":"ListItem","position":2,"name":"News"}]},{"@type":"WebSite","@id":"https:\/\/www.ll-ag.ch\/#website","url":"https:\/\/www.ll-ag.ch\/","name":"Ladenbau und Lagertechnik AG","description":"Wir r\u00fccken Ihre Produkte ins richtige Licht","publisher":{"@id":"https:\/\/www.ll-ag.ch\/#organization"},"potentialAction":[{"@type":"SearchAction","target":{"@type":"EntryPoint","urlTemplate":"https:\/\/www.ll-ag.ch\/?s={search_term_string}"},"query-input":{"@type":"PropertyValueSpecification","valueRequired":true,"valueName":"search_term_string"}}],"inLanguage":"de"},{"@type":"Organization","@id":"https:\/\/www.ll-ag.ch\/#organization","name":"Ladenbau und Lagertechnik AG","url":"https:\/\/www.ll-ag.ch\/","logo":{"@type":"ImageObject","inLanguage":"de","@id":"https:\/\/www.ll-ag.ch\/#\/schema\/logo\/image\/","url":"https:\/\/www.ll-ag.ch\/webseite\/wp-content\/uploads\/2017\/06\/logo-favicon.png","contentUrl":"https:\/\/www.ll-ag.ch\/webseite\/wp-content\/uploads\/2017\/06\/logo-favicon.png","width":468,"height":468,"caption":"Ladenbau und Lagertechnik AG"},"image":{"@id":"https:\/\/www.ll-ag.ch\/#\/schema\/logo\/image\/"}}]}},"_links":{"self":[{"href":"https:\/\/www.ll-ag.ch\/fr\/wp-json\/wp\/v2\/pages\/243\/"}],"collection":[{"href":"https:\/\/www.ll-ag.ch\/fr\/wp-json\/wp\/v2\/pages\/"}],"about":[{"href":"https:\/\/www.ll-ag.ch\/fr\/wp-json\/wp\/v2\/types\/page\/"}],"author":[{"embeddable":true,"href":"https:\/\/www.ll-ag.ch\/fr\/wp-json\/wp\/v2\/users\/1\/"}],"replies":[{"embeddable":true,"href":"https:\/\/www.ll-ag.ch\/fr\/wp-json\/wp\/v2\/comments\/?post=243"}],"version-history":[{"count":4,"href":"https:\/\/www.ll-ag.ch\/fr\/wp-json\/wp\/v2\/pages\/243\/revisions\/"}],"predecessor-version":[{"id":559,"href":"https:\/\/www.ll-ag.ch\/fr\/wp-json\/wp\/v2\/pages\/243\/revisions\/559\/"}],"wp:attachment":[{"href":"https:\/\/www.ll-ag.ch\/fr\/wp-json\/wp\/v2\/media\/?parent=243"}],"curies":[{"name":"wp","href":"https:\/\/api.w.org\/{rel}","templated":true}]}}