{"id":247,"date":"2017-01-26T21:08:24","date_gmt":"2017-01-26T20:08:24","guid":{"rendered":"http:\/\/www.ll-ag.ch\/?page_id=247\/"},"modified":"2017-06-06T22:13:14","modified_gmt":"2017-06-06T20:13:14","slug":"qui-sommes-nous","status":"publish","type":"page","link":"https:\/\/www.ll-ag.ch\/fr\/qui-sommes-nous\/","title":{"rendered":"Qui sommes-nous?"},"content":{"rendered":"\n<style type=\"text\/css\" data-created_by=\"avia_inline_auto\" id=\"style-css-av-av_section-c38988bde768cb27092b1462af0faebe\">\n.avia-section.av-av_section-c38988bde768cb27092b1462af0faebe{\nbackground-repeat:no-repeat;\nbackground-image:url(https:\/\/www.ll-ag.ch\/webseite\/wp-content\/uploads\/2016\/10\/stockfoto-8.jpg);\nbackground-position:50% 100%;\nbackground-attachment:scroll;\n}\n<\/style>\n<div id='av_section_1'  class='avia-section av-av_section-c38988bde768cb27092b1462af0faebe main_color avia-section-default avia-no-border-styling  avia-builder-el-0  el_before_av_two_third  avia-builder-el-first  avia-full-stretch avia-bg-style-scroll av-minimum-height av-minimum-height-custom av-height-custom  container_wrap fullsize'  data-section-bg-repeat='stretch' data-av_minimum_height_px='500'><div class='container av-section-cont-open' style='height:500px'><main  role=\"main\" itemprop=\"mainContentOfPage\"  class='template-page content  av-content-full alpha units'><div class='post-entry post-entry-type-page post-entry-247'><div class='entry-content-wrapper clearfix'>\n<div class='flex_column_table av-av_two_fifth-e5f170c73706bb1f83c0f34d45d7765c sc-av_two_fifth av-equal-height-column-flextable'>\n<style type=\"text\/css\" data-created_by=\"avia_inline_auto\" id=\"style-css-av-av_two_fifth-e5f170c73706bb1f83c0f34d45d7765c\">\n.flex_column.av-av_two_fifth-e5f170c73706bb1f83c0f34d45d7765c{\nborder-radius:2px 2px 2px 2px;\npadding:20px 20px 20px 20px;\nbackground-color:rgba(89,219,59,0.8);\n}\n<\/style>\n<div  class='flex_column av-av_two_fifth-e5f170c73706bb1f83c0f34d45d7765c av_two_fifth  avia-builder-el-1  el_before_av_one_half  avia-builder-el-first  first flex_column_table_cell av-equal-height-column av-align-middle  '     ><style type=\"text\/css\" data-created_by=\"avia_inline_auto\" id=\"style-css-av-av_heading-0d3d7721d718deadcff9ffe197e98471\">\n#top .av-special-heading.av-av_heading-0d3d7721d718deadcff9ffe197e98471{\npadding-bottom:10px;\ncolor:#ffffff;\n}\nbody .av-special-heading.av-av_heading-0d3d7721d718deadcff9ffe197e98471 .av-special-heading-tag .heading-char{\nfont-size:25px;\n}\n.av-special-heading.av-av_heading-0d3d7721d718deadcff9ffe197e98471 .special-heading-inner-border{\nborder-color:#ffffff;\n}\n.av-special-heading.av-av_heading-0d3d7721d718deadcff9ffe197e98471 .av-subheading{\nfont-size:15px;\n}\n<\/style>\n<div  class='av-special-heading av-av_heading-0d3d7721d718deadcff9ffe197e98471 av-special-heading-h1 custom-color-heading blockquote modern-quote  avia-builder-el-2  avia-builder-el-no-sibling '><h1 class='av-special-heading-tag '  itemprop=\"headline\"  >Qui sommes-nous?<\/h1><div class='av_custom_color av-subheading av-subheading_below'><p>\u00c9volution au lieu de r\u00e9volution<\/p>\n<\/div><div class=\"special-heading-border\"><div class=\"special-heading-inner-border\"><\/div><\/div><\/div><\/div><div class='av-flex-placeholder'><\/div>\n<style type=\"text\/css\" data-created_by=\"avia_inline_auto\" id=\"style-css-av-av_one_half-0aa7055fe62c3622faec82866afbaeb2\">\n.flex_column.av-av_one_half-0aa7055fe62c3622faec82866afbaeb2{\nborder-radius:0px 0px 0px 0px;\npadding:0px 0px 0px 0px;\n}\n<\/style>\n<div  class='flex_column av-av_one_half-0aa7055fe62c3622faec82866afbaeb2 av_one_half  avia-builder-el-3  el_after_av_two_fifth  avia-builder-el-last  flex_column_table_cell av-equal-height-column av-align-middle av-zero-column-padding  '     ><\/div><\/div><!--close column table wrapper. Autoclose: 1 -->\n<\/div><\/div><\/main><!-- close content main element --><\/div><\/div><div id='after_section_1'  class='main_color av_default_container_wrap container_wrap fullsize'  ><div class='container av-section-cont-open' ><div class='template-page content  av-content-full alpha units'><div class='post-entry post-entry-type-page post-entry-247'><div class='entry-content-wrapper clearfix'>\n\n<style type=\"text\/css\" data-created_by=\"avia_inline_auto\" id=\"style-css-av-av_two_third-6126cab7d8fab8d08143dd2dacdf673c\">\n.flex_column.av-av_two_third-6126cab7d8fab8d08143dd2dacdf673c{\nborder-radius:0px 0px 0px 0px;\npadding:0px 0px 0px 0px;\n}\n<\/style>\n<div  class='flex_column av-av_two_third-6126cab7d8fab8d08143dd2dacdf673c av_two_third  avia-builder-el-4  el_after_av_section  el_before_av_one_third  avia-builder-el-first  first flex_column_div av-zero-column-padding  '     ><section  class='av_textblock_section av-av_textblock-396ddf1f42196ca838231e61a4602801 '   itemscope=\"itemscope\" itemtype=\"https:\/\/schema.org\/CreativeWork\" ><div class='avia_textblock'  itemprop=\"text\" ><p>Nous sommes \u00e0 votre enti\u00e8re disposition et \u00e0 votre \u00e9coute afin d\u2019am\u00e9liorer constamment les m\u00e9thodes, les processus et l\u2019orientation client\u00e8le. De cette perspicacit\u00e9, nous d\u00e9veloppons pour vous des approches individuelles car votre entreprise est unique, tout comme votre groupe cible. Nous sommes conscients que vous ne pouvez pas vous contenter de solutions standardis\u00e9es pour r\u00e9ussir. Avec notre impulsion centr\u00e9e sur le client, nous vous garantissons d\u2019atteindre vos objectifs \u00e0 court et \u00e0 long terme avec succ\u00e8s.<\/p>\n<p>Nous nous chargeons de transmettre de mani\u00e8re perceptible et in\u00e9dite, votre corporate design ainsi que votre devise \u00e0 votre client\u00e8le cible.<\/p>\n<p>C\u2019est en dialoguant clairement et pr\u00e9cis\u00e9ment avec nos clients, lors de foires commerciales ou de rencontres au PoP, que nous aff\u00fbtons nos comp\u00e9tences.<\/p>\n<p>Notre devise \u00e9tant : \u00ab\u00e7a ne va pas\u00bb n\u2019existe pas, vous assure que la r\u00e9alisation de notre produit a \u00e9t\u00e9 pr\u00e9alablement pens\u00e9e et con\u00e7ue pour qu\u2019elle soit efficace et r\u00e9ponde aux besoins des utilisateurs selon vos crit\u00e8res.<\/p>\n<p>Erich Hunkeler<br \/>\nGesch\u00e4ftsf\u00fchrer<br \/>\n<a href=\"&#109;&#x61;&#105;&#x6c;&#116;&#x6f;:&#x65;&#46;&#104;&#x75;&#110;&#x6b;&#101;&#x6c;e&#x72;&#64;&#108;&#x6c;&#45;&#x61;&#103;&#x2e;&#99;&#x68;\">&#x65;&#x2e;&#x68;&#x75;&#x6e;&#x6b;&#x65;&#x6c;&#x65;&#x72;&#x40;&#x6c;&#x6c;&#x2d;&#x61;&#x67;&#x2e;&#x63;&#x68;<\/a><\/p>\n<\/div><\/section><\/div>\n<style type=\"text\/css\" data-created_by=\"avia_inline_auto\" id=\"style-css-av-av_one_third-0aa7055fe62c3622faec82866afbaeb2\">\n.flex_column.av-av_one_third-0aa7055fe62c3622faec82866afbaeb2{\nborder-radius:0px 0px 0px 0px;\npadding:0px 0px 0px 0px;\n}\n<\/style>\n<div  class='flex_column av-av_one_third-0aa7055fe62c3622faec82866afbaeb2 av_one_third  avia-builder-el-6  el_after_av_two_third  avia-builder-el-last  flex_column_div av-zero-column-padding  '     ><\/div><\/p>\n<section  class='av_textblock_section av-av_textblock-0366cc7376be6c9e82a3e9cc8987b64f '   itemscope=\"itemscope\" itemtype=\"https:\/\/schema.org\/CreativeWork\" ><div class='avia_textblock'  itemprop=\"text\" ><\/div><\/section>\n","protected":false},"excerpt":{"rendered":"","protected":false},"author":1,"featured_media":0,"parent":0,"menu_order":0,"comment_status":"closed","ping_status":"closed","template":"","meta":{"footnotes":""},"class_list":["post-247","page","type-page","status-publish","hentry"],"yoast_head":"<!-- This site is optimized with the Yoast SEO plugin v27.4 - https:\/\/yoast.com\/product\/yoast-seo-wordpress\/ -->\n<title>Qui sommes-nous \u2013 LL Ladenbau &amp; Lagertechnik AG - Luzern<\/title>\n<meta name=\"description\" content=\"Nous sommes \u00e0 votre enti\u00e8re disposition et \u00e0 votre \u00e9coute afin d\u2019am\u00e9liorer constamment les m\u00e9thodes, les processus et l\u2019orientation client\u00e8le.\" \/>\n<meta name=\"robots\" content=\"index, follow, max-snippet:-1, max-image-preview:large, max-video-preview:-1\" \/>\n<link rel=\"canonical\" href=\"https:\/\/www.ll-ag.ch\/fr\/qui-sommes-nous\/\" \/>\n<meta property=\"og:locale\" content=\"fr_FR\" \/>\n<meta property=\"og:type\" content=\"article\" \/>\n<meta property=\"og:title\" content=\"Qui sommes-nous \u2013 LL Ladenbau &amp; Lagertechnik AG - Luzern\" \/>\n<meta property=\"og:description\" content=\"Nous sommes \u00e0 votre enti\u00e8re disposition et \u00e0 votre \u00e9coute afin d\u2019am\u00e9liorer constamment les m\u00e9thodes, les processus et l\u2019orientation client\u00e8le.\" \/>\n<meta property=\"og:url\" content=\"https:\/\/www.ll-ag.ch\/fr\/qui-sommes-nous\/\" \/>\n<meta property=\"og:site_name\" content=\"Ladenbau und Lagertechnik AG\" \/>\n<meta property=\"article:modified_time\" content=\"2017-06-06T20:13:14+00:00\" \/>\n<meta name=\"twitter:card\" content=\"summary_large_image\" \/>\n<meta name=\"twitter:label1\" content=\"Gesch\u00e4tzte Lesezeit\" \/>\n\t<meta name=\"twitter:data1\" content=\"3\u00a0Minuten\" \/>\n<script type=\"application\/ld+json\" class=\"yoast-schema-graph\">{\"@context\":\"https:\\\/\\\/schema.org\",\"@graph\":[{\"@type\":\"WebPage\",\"@id\":\"https:\\\/\\\/www.ll-ag.ch\\\/fr\\\/qui-sommes-nous\\\/\",\"url\":\"https:\\\/\\\/www.ll-ag.ch\\\/fr\\\/qui-sommes-nous\\\/\",\"name\":\"Qui sommes-nous \u2013 LL Ladenbau & Lagertechnik AG - Luzern\",\"isPartOf\":{\"@id\":\"https:\\\/\\\/www.ll-ag.ch\\\/#website\"},\"datePublished\":\"2017-01-26T20:08:24+00:00\",\"dateModified\":\"2017-06-06T20:13:14+00:00\",\"description\":\"Nous sommes \u00e0 votre enti\u00e8re disposition et \u00e0 votre \u00e9coute afin d\u2019am\u00e9liorer constamment les m\u00e9thodes, les processus et l\u2019orientation client\u00e8le.\",\"breadcrumb\":{\"@id\":\"https:\\\/\\\/www.ll-ag.ch\\\/fr\\\/qui-sommes-nous\\\/#breadcrumb\"},\"inLanguage\":\"de\",\"potentialAction\":[{\"@type\":\"ReadAction\",\"target\":[\"https:\\\/\\\/www.ll-ag.ch\\\/fr\\\/qui-sommes-nous\\\/\"]}]},{\"@type\":\"BreadcrumbList\",\"@id\":\"https:\\\/\\\/www.ll-ag.ch\\\/fr\\\/qui-sommes-nous\\\/#breadcrumb\",\"itemListElement\":[{\"@type\":\"ListItem\",\"position\":1,\"name\":\"Startseite\",\"item\":\"https:\\\/\\\/www.ll-ag.ch\\\/fr\\\/\"},{\"@type\":\"ListItem\",\"position\":2,\"name\":\"Qui sommes-nous?\"}]},{\"@type\":\"WebSite\",\"@id\":\"https:\\\/\\\/www.ll-ag.ch\\\/#website\",\"url\":\"https:\\\/\\\/www.ll-ag.ch\\\/\",\"name\":\"Ladenbau und Lagertechnik AG\",\"description\":\"Wir r\u00fccken Ihre Produkte ins richtige Licht\",\"publisher\":{\"@id\":\"https:\\\/\\\/www.ll-ag.ch\\\/#organization\"},\"potentialAction\":[{\"@type\":\"SearchAction\",\"target\":{\"@type\":\"EntryPoint\",\"urlTemplate\":\"https:\\\/\\\/www.ll-ag.ch\\\/?s={search_term_string}\"},\"query-input\":{\"@type\":\"PropertyValueSpecification\",\"valueRequired\":true,\"valueName\":\"search_term_string\"}}],\"inLanguage\":\"de\"},{\"@type\":\"Organization\",\"@id\":\"https:\\\/\\\/www.ll-ag.ch\\\/#organization\",\"name\":\"Ladenbau und Lagertechnik AG\",\"url\":\"https:\\\/\\\/www.ll-ag.ch\\\/\",\"logo\":{\"@type\":\"ImageObject\",\"inLanguage\":\"de\",\"@id\":\"https:\\\/\\\/www.ll-ag.ch\\\/#\\\/schema\\\/logo\\\/image\\\/\",\"url\":\"https:\\\/\\\/www.ll-ag.ch\\\/webseite\\\/wp-content\\\/uploads\\\/2017\\\/06\\\/logo-favicon.png\",\"contentUrl\":\"https:\\\/\\\/www.ll-ag.ch\\\/webseite\\\/wp-content\\\/uploads\\\/2017\\\/06\\\/logo-favicon.png\",\"width\":468,\"height\":468,\"caption\":\"Ladenbau und Lagertechnik AG\"},\"image\":{\"@id\":\"https:\\\/\\\/www.ll-ag.ch\\\/#\\\/schema\\\/logo\\\/image\\\/\"}}]}<\/script>\n<!-- \/ Yoast SEO plugin. -->","yoast_head_json":{"title":"Qui sommes-nous \u2013 LL Ladenbau & Lagertechnik AG - Luzern","description":"Nous sommes \u00e0 votre enti\u00e8re disposition et \u00e0 votre \u00e9coute afin d\u2019am\u00e9liorer constamment les m\u00e9thodes, les processus et l\u2019orientation client\u00e8le.","robots":{"index":"index","follow":"follow","max-snippet":"max-snippet:-1","max-image-preview":"max-image-preview:large","max-video-preview":"max-video-preview:-1"},"canonical":"https:\/\/www.ll-ag.ch\/fr\/qui-sommes-nous\/","og_locale":"fr_FR","og_type":"article","og_title":"Qui sommes-nous \u2013 LL Ladenbau & Lagertechnik AG - Luzern","og_description":"Nous sommes \u00e0 votre enti\u00e8re disposition et \u00e0 votre \u00e9coute afin d\u2019am\u00e9liorer constamment les m\u00e9thodes, les processus et l\u2019orientation client\u00e8le.","og_url":"https:\/\/www.ll-ag.ch\/fr\/qui-sommes-nous\/","og_site_name":"Ladenbau und Lagertechnik AG","article_modified_time":"2017-06-06T20:13:14+00:00","twitter_card":"summary_large_image","twitter_misc":{"Gesch\u00e4tzte Lesezeit":"3\u00a0Minuten"},"schema":{"@context":"https:\/\/schema.org","@graph":[{"@type":"WebPage","@id":"https:\/\/www.ll-ag.ch\/fr\/qui-sommes-nous\/","url":"https:\/\/www.ll-ag.ch\/fr\/qui-sommes-nous\/","name":"Qui sommes-nous \u2013 LL Ladenbau & Lagertechnik AG - Luzern","isPartOf":{"@id":"https:\/\/www.ll-ag.ch\/#website"},"datePublished":"2017-01-26T20:08:24+00:00","dateModified":"2017-06-06T20:13:14+00:00","description":"Nous sommes \u00e0 votre enti\u00e8re disposition et \u00e0 votre \u00e9coute afin d\u2019am\u00e9liorer constamment les m\u00e9thodes, les processus et l\u2019orientation client\u00e8le.","breadcrumb":{"@id":"https:\/\/www.ll-ag.ch\/fr\/qui-sommes-nous\/#breadcrumb"},"inLanguage":"de","potentialAction":[{"@type":"ReadAction","target":["https:\/\/www.ll-ag.ch\/fr\/qui-sommes-nous\/"]}]},{"@type":"BreadcrumbList","@id":"https:\/\/www.ll-ag.ch\/fr\/qui-sommes-nous\/#breadcrumb","itemListElement":[{"@type":"ListItem","position":1,"name":"Startseite","item":"https:\/\/www.ll-ag.ch\/fr\/"},{"@type":"ListItem","position":2,"name":"Qui sommes-nous?"}]},{"@type":"WebSite","@id":"https:\/\/www.ll-ag.ch\/#website","url":"https:\/\/www.ll-ag.ch\/","name":"Ladenbau und Lagertechnik AG","description":"Wir r\u00fccken Ihre Produkte ins richtige Licht","publisher":{"@id":"https:\/\/www.ll-ag.ch\/#organization"},"potentialAction":[{"@type":"SearchAction","target":{"@type":"EntryPoint","urlTemplate":"https:\/\/www.ll-ag.ch\/?s={search_term_string}"},"query-input":{"@type":"PropertyValueSpecification","valueRequired":true,"valueName":"search_term_string"}}],"inLanguage":"de"},{"@type":"Organization","@id":"https:\/\/www.ll-ag.ch\/#organization","name":"Ladenbau und Lagertechnik AG","url":"https:\/\/www.ll-ag.ch\/","logo":{"@type":"ImageObject","inLanguage":"de","@id":"https:\/\/www.ll-ag.ch\/#\/schema\/logo\/image\/","url":"https:\/\/www.ll-ag.ch\/webseite\/wp-content\/uploads\/2017\/06\/logo-favicon.png","contentUrl":"https:\/\/www.ll-ag.ch\/webseite\/wp-content\/uploads\/2017\/06\/logo-favicon.png","width":468,"height":468,"caption":"Ladenbau und Lagertechnik AG"},"image":{"@id":"https:\/\/www.ll-ag.ch\/#\/schema\/logo\/image\/"}}]}},"_links":{"self":[{"href":"https:\/\/www.ll-ag.ch\/fr\/wp-json\/wp\/v2\/pages\/247\/"}],"collection":[{"href":"https:\/\/www.ll-ag.ch\/fr\/wp-json\/wp\/v2\/pages\/"}],"about":[{"href":"https:\/\/www.ll-ag.ch\/fr\/wp-json\/wp\/v2\/types\/page\/"}],"author":[{"embeddable":true,"href":"https:\/\/www.ll-ag.ch\/fr\/wp-json\/wp\/v2\/users\/1\/"}],"replies":[{"embeddable":true,"href":"https:\/\/www.ll-ag.ch\/fr\/wp-json\/wp\/v2\/comments\/?post=247"}],"version-history":[{"count":3,"href":"https:\/\/www.ll-ag.ch\/fr\/wp-json\/wp\/v2\/pages\/247\/revisions\/"}],"predecessor-version":[{"id":499,"href":"https:\/\/www.ll-ag.ch\/fr\/wp-json\/wp\/v2\/pages\/247\/revisions\/499\/"}],"wp:attachment":[{"href":"https:\/\/www.ll-ag.ch\/fr\/wp-json\/wp\/v2\/media\/?parent=247"}],"curies":[{"name":"wp","href":"https:\/\/api.w.org\/{rel}","templated":true}]}}